{"id":1429,"date":"2020-03-31T18:20:45","date_gmt":"2020-03-31T16:20:45","guid":{"rendered":"https:\/\/al-cilento.ch\/?page_id=1429"},"modified":"2022-07-25T14:09:49","modified_gmt":"2022-07-25T12:09:49","slug":"traiteur","status":"publish","type":"page","link":"https:\/\/al-cilento.ch\/traiteur\/","title":{"rendered":"Traiteur"},"content":{"rendered":"\t\t<div data-elementor-type=\"wp-page\" data-elementor-id=\"1429\" class=\"elementor elementor-1429\" data-elementor-settings=\"[]\">\n\t\t\t\t\t\t<div class=\"elementor-inner\">\n\t\t\t\t\t\t\t<div class=\"elementor-section-wrap\">\n\t\t\t\t\t\t\t<section class=\"elementor-section elementor-top-section elementor-element elementor-element-18849067 elementor-section-stretched elementor-section-full_width elementor-section-height-default elementor-section-height-default\" data-id=\"18849067\" data-element_type=\"section\" data-settings=\"{&quot;stretch_section&quot;:&quot;section-stretched&quot;}\">\n\t\t\t\t\t\t<div class=\"elementor-container elementor-column-gap-no\">\n\t\t\t\t\t\t\t<div class=\"elementor-row\">\n\t\t\t\t\t<div class=\"elementor-column elementor-col-100 elementor-top-column elementor-element elementor-element-658d5ebe\" data-id=\"658d5ebe\" data-element_type=\"column\">\n\t\t\t<div class=\"elementor-column-wrap elementor-element-populated\">\n\t\t\t\t\t\t\t<div class=\"elementor-widget-wrap\">\n\t\t\t\t\t\t<div class=\"elementor-element elementor-element-3f375af8 elementor--h-position-center elementor--v-position-middle elementor-arrows-position-inside elementor-pagination-position-inside elementor-widget elementor-widget-slides\" data-id=\"3f375af8\" data-element_type=\"widget\" data-settings=\"{&quot;navigation&quot;:&quot;both&quot;,&quot;autoplay&quot;:&quot;yes&quot;,&quot;pause_on_hover&quot;:&quot;yes&quot;,&quot;pause_on_interaction&quot;:&quot;yes&quot;,&quot;autoplay_speed&quot;:5000,&quot;infinite&quot;:&quot;yes&quot;,&quot;transition&quot;:&quot;slide&quot;,&quot;transition_speed&quot;:500}\" data-widget_type=\"slides.default\">\n\t\t\t\t<div class=\"elementor-widget-container\">\n\t\t\t\t\t<div class=\"elementor-swiper\">\n\t\t\t<div class=\"elementor-slides-wrapper elementor-main-swiper swiper-container\" dir=\"ltr\" data-animation=\"fadeInUp\">\n\t\t\t\t<div class=\"swiper-wrapper elementor-slides\">\n\t\t\t\t\t\t\t\t\t\t<div class=\"elementor-repeater-item-a5af3e5 swiper-slide\"><div class=\"swiper-slide-bg\"><\/div><div class=\"swiper-slide-inner\" ><div class=\"swiper-slide-contents\"><div class=\"elementor-slide-heading\">La Corsa Al Cilento<\/div><div class=\"elementor-slide-description\">Restaurant italien \u00e0 Montreux<\/div><a href=\"https:\/\/al-cilento.ch\/contact\/#ancre\" class=\"elementor-button elementor-slide-button elementor-size-md\">Contactez-nous<\/a><\/div><\/div><\/div>\t\t\t\t<\/div>\n\t\t\t\t\t\t\t<\/div>\n\t\t<\/div>\n\t\t\t\t<\/div>\n\t\t\t\t<\/div>\n\t\t\t\t\t\t<\/div>\n\t\t\t\t\t<\/div>\n\t\t<\/div>\n\t\t\t\t\t\t\t\t<\/div>\n\t\t\t\t\t<\/div>\n\t\t<\/section>\n\t\t\t\t<section class=\"elementor-section elementor-top-section elementor-element elementor-element-4acba5a4 elementor-section-stretched elementor-section-boxed elementor-section-height-default elementor-section-height-default\" data-id=\"4acba5a4\" data-element_type=\"section\" id=\"ancre\" data-settings=\"{&quot;stretch_section&quot;:&quot;section-stretched&quot;}\">\n\t\t\t\t\t\t<div class=\"elementor-container elementor-column-gap-default\">\n\t\t\t\t\t\t\t<div class=\"elementor-row\">\n\t\t\t\t\t<div class=\"elementor-column elementor-col-100 elementor-top-column elementor-element elementor-element-15135564\" data-id=\"15135564\" data-element_type=\"column\">\n\t\t\t<div class=\"elementor-column-wrap elementor-element-populated\">\n\t\t\t\t\t\t\t<div class=\"elementor-widget-wrap\">\n\t\t\t\t\t\t<div class=\"elementor-element elementor-element-48978315 elementor-widget elementor-widget-menu-anchor\" data-id=\"48978315\" data-element_type=\"widget\" data-widget_type=\"menu-anchor.default\">\n\t\t\t\t<div class=\"elementor-widget-container\">\n\t\t\t\t\t<div id=\"ctn1\" class=\"elementor-menu-anchor\"><\/div>\n\t\t\t\t<\/div>\n\t\t\t\t<\/div>\n\t\t\t\t\t\t<\/div>\n\t\t\t\t\t<\/div>\n\t\t<\/div>\n\t\t\t\t\t\t\t\t<\/div>\n\t\t\t\t\t<\/div>\n\t\t<\/section>\n\t\t\t\t<section class=\"elementor-section elementor-top-section elementor-element elementor-element-369a0458 elementor-section-stretched elementor-section-boxed elementor-section-height-default elementor-section-height-default\" data-id=\"369a0458\" data-element_type=\"section\" data-settings=\"{&quot;stretch_section&quot;:&quot;section-stretched&quot;}\">\n\t\t\t\t\t\t<div class=\"elementor-container elementor-column-gap-default\">\n\t\t\t\t\t\t\t<div class=\"elementor-row\">\n\t\t\t\t\t<div class=\"elementor-column elementor-col-100 elementor-top-column elementor-element elementor-element-1a41a354\" data-id=\"1a41a354\" data-element_type=\"column\">\n\t\t\t<div class=\"elementor-column-wrap elementor-element-populated\">\n\t\t\t\t\t\t\t<div class=\"elementor-widget-wrap\">\n\t\t\t\t\t\t<div class=\"elementor-element elementor-element-4f7bd9a9 elementor-widget elementor-widget-heading\" data-id=\"4f7bd9a9\" data-element_type=\"widget\" data-widget_type=\"heading.default\">\n\t\t\t\t<div class=\"elementor-widget-container\">\n\t\t\t<h1 class=\"elementor-heading-title elementor-size-default\">La Corsa Al Cilento, votre restaurant traiteur italien \u00e0 Montreux<\/h1>\t\t<\/div>\n\t\t\t\t<\/div>\n\t\t\t\t<div class=\"elementor-element elementor-element-55eaf4a2 elementor-widget elementor-widget-text-editor\" data-id=\"55eaf4a2\" data-element_type=\"widget\" data-widget_type=\"text-editor.default\">\n\t\t\t\t<div class=\"elementor-widget-container\">\n\t\t\t\t\t\t\t\t<div class=\"elementor-text-editor elementor-clearfix\">\n\t\t\t\t<p>La Corsa <strong>Al Cilento<\/strong>, votre <a href=\"https:\/\/al-cilento.ch\/\"><strong>restaurant italien \u00e0 Montreux<\/strong><\/a> vous invite \u00e0 d\u00e9couvrir son service traiteur sur-mesure, que ce soit pour un buffet froid ou des menus avec entr\u00e9e, plat et dessert.<\/p>\t\t\t\t\t<\/div>\n\t\t\t\t\t\t<\/div>\n\t\t\t\t<\/div>\n\t\t\t\t\t\t<\/div>\n\t\t\t\t\t<\/div>\n\t\t<\/div>\n\t\t\t\t\t\t\t\t<\/div>\n\t\t\t\t\t<\/div>\n\t\t<\/section>\n\t\t\t\t<section class=\"elementor-section elementor-top-section elementor-element elementor-element-c5bbb20 elementor-section-content-middle elementor-section-stretched elementor-section-boxed elementor-section-height-default elementor-section-height-default\" data-id=\"c5bbb20\" data-element_type=\"section\" id=\"contenu2\" data-settings=\"{&quot;background_background&quot;:&quot;classic&quot;,&quot;stretch_section&quot;:&quot;section-stretched&quot;}\">\n\t\t\t\t\t\t<div class=\"elementor-container elementor-column-gap-default\">\n\t\t\t\t\t\t\t<div class=\"elementor-row\">\n\t\t\t\t\t<div class=\"elementor-column elementor-col-50 elementor-top-column elementor-element elementor-element-763692f5\" data-id=\"763692f5\" data-element_type=\"column\">\n\t\t\t<div class=\"elementor-column-wrap elementor-element-populated\">\n\t\t\t\t\t\t\t<div class=\"elementor-widget-wrap\">\n\t\t\t\t\t\t<div class=\"elementor-element elementor-element-33525e49 elementor-widget elementor-widget-image\" data-id=\"33525e49\" data-element_type=\"widget\" data-widget_type=\"image.default\">\n\t\t\t\t<div class=\"elementor-widget-container\">\n\t\t\t\t\t\t\t\t<div class=\"elementor-image\">\n\t\t\t\t\t\t\t\t\t\t\t\t<img decoding=\"async\" width=\"700\" height=\"500\" src=\"https:\/\/al-cilento.ch\/wp-content\/uploads\/2020\/04\/09.jpg\" class=\"attachment-full size-full\" alt=\"\" srcset=\"https:\/\/al-cilento.ch\/wp-content\/uploads\/2020\/04\/09.jpg 700w, https:\/\/al-cilento.ch\/wp-content\/uploads\/2020\/04\/09-300x214.jpg 300w, https:\/\/al-cilento.ch\/wp-content\/uploads\/2020\/04\/09-600x429.jpg 600w\" sizes=\"(max-width: 700px) 100vw, 700px\" \/>\t\t\t\t\t\t\t\t\t\t\t\t\t\t<\/div>\n\t\t\t\t\t\t<\/div>\n\t\t\t\t<\/div>\n\t\t\t\t\t\t<\/div>\n\t\t\t\t\t<\/div>\n\t\t<\/div>\n\t\t\t\t<div class=\"elementor-column elementor-col-50 elementor-top-column elementor-element elementor-element-50b5ee75\" data-id=\"50b5ee75\" data-element_type=\"column\">\n\t\t\t<div class=\"elementor-column-wrap elementor-element-populated\">\n\t\t\t\t\t\t\t<div class=\"elementor-widget-wrap\">\n\t\t\t\t\t\t<div class=\"elementor-element elementor-element-8db0223 elementor-widget elementor-widget-heading\" data-id=\"8db0223\" data-element_type=\"widget\" data-widget_type=\"heading.default\">\n\t\t\t\t<div class=\"elementor-widget-container\">\n\t\t\t<h2 class=\"elementor-heading-title elementor-size-default\">B\u00e9n\u00e9ficiez d\u2019un service traiteur de qualit\u00e9<\/h2>\t\t<\/div>\n\t\t\t\t<\/div>\n\t\t\t\t<div class=\"elementor-element elementor-element-1359deca elementor-widget elementor-widget-text-editor\" data-id=\"1359deca\" data-element_type=\"widget\" data-widget_type=\"text-editor.default\">\n\t\t\t\t<div class=\"elementor-widget-container\">\n\t\t\t\t\t\t\t\t<div class=\"elementor-text-editor elementor-clearfix\">\n\t\t\t\t<p>Vous habitez \u00e0 <b>Villeneuve<\/b>, <b>Vevey <\/b>ou \u00e0 <b>Saint-L\u00e9gier-La Chi\u00e9saz <\/b>? Venez d\u00e9guster de savoureux plats dans un environnement convivial et chaleureux chez <b>La Corsa Al Cilento \u00e0 Montreux<\/b>.<\/p><p><\/p><p>Anim\u00e9 par le go\u00fbt de travail, votre chef de cuisine met \u00e0 votre service une cuisine gourmande fait-maison, alli\u00e9e \u00e0 des produits de qualit\u00e9 locaux et de saison, afin vous concocter des <b>p\u00e2tes <\/b>et des <b>pizzas napolitaines\u00a0savoureuses<\/b>.<\/p><p><\/p><p>Mario Di Sessa vous accueille dans son restaurant et vous propose un service traiteur sur-mesure pour sublimer vos instants pr\u00e9cieux, et ce, en vous garantissant des d\u00e9licieux plats cuisin\u00e9s et des diff\u00e9rentes formules \u00e0 d\u00e9guster sur place ou \u00e0 emporter.<\/p>\t\t\t\t\t<\/div>\n\t\t\t\t\t\t<\/div>\n\t\t\t\t<\/div>\n\t\t\t\t\t\t<\/div>\n\t\t\t\t\t<\/div>\n\t\t<\/div>\n\t\t\t\t\t\t\t\t<\/div>\n\t\t\t\t\t<\/div>\n\t\t<\/section>\n\t\t\t\t<section class=\"elementor-section elementor-top-section elementor-element elementor-element-29d78148 elementor-section-content-middle elementor-section-stretched elementor-section-boxed elementor-section-height-default elementor-section-height-default\" data-id=\"29d78148\" data-element_type=\"section\" id=\"contenu\" data-settings=\"{&quot;background_background&quot;:&quot;classic&quot;,&quot;stretch_section&quot;:&quot;section-stretched&quot;}\">\n\t\t\t\t\t\t<div class=\"elementor-container elementor-column-gap-default\">\n\t\t\t\t\t\t\t<div class=\"elementor-row\">\n\t\t\t\t\t<div class=\"elementor-column elementor-col-50 elementor-top-column elementor-element elementor-element-355b411d\" data-id=\"355b411d\" data-element_type=\"column\">\n\t\t\t<div class=\"elementor-column-wrap elementor-element-populated\">\n\t\t\t\t\t\t\t<div class=\"elementor-widget-wrap\">\n\t\t\t\t\t\t<div class=\"elementor-element elementor-element-600fdf19 elementor-widget elementor-widget-heading\" data-id=\"600fdf19\" data-element_type=\"widget\" data-widget_type=\"heading.default\">\n\t\t\t\t<div class=\"elementor-widget-container\">\n\t\t\t<h2 class=\"elementor-heading-title elementor-size-default\">Un service traiteur adapt\u00e9 \u00e0 tous vos \u00e9v\u00e9nements<\/h2>\t\t<\/div>\n\t\t\t\t<\/div>\n\t\t\t\t<div class=\"elementor-element elementor-element-71d4f7bf elementor-widget elementor-widget-text-editor\" data-id=\"71d4f7bf\" data-element_type=\"widget\" data-widget_type=\"text-editor.default\">\n\t\t\t\t<div class=\"elementor-widget-container\">\n\t\t\t\t\t\t\t\t<div class=\"elementor-text-editor elementor-clearfix\">\n\t\t\t\t<p>En fonction de vos go\u00fbts et de vos occasions, le chef de cuisine de La Corsa Al Cilento vous assure un accompagnement personnalis\u00e9 et un service traiteur de qualit\u00e9, pour que votre repas d\u2019\u00e9v\u00e9nement soit \u00e0 la hauteur.<\/p>\n<p>Soucieux de vous satisfaire, votre <b>traiteur \u00e0 Montreux <\/b>\u00e9labore un menu sur-mesure avec des d\u00e9corations pr\u00e9vues au th\u00e8me de votre \u00e9v\u00e9nement, que ce soit un mariage, un anniversaire ou un bapt\u00eame.<\/p>\t\t\t\t\t<\/div>\n\t\t\t\t\t\t<\/div>\n\t\t\t\t<\/div>\n\t\t\t\t\t\t<\/div>\n\t\t\t\t\t<\/div>\n\t\t<\/div>\n\t\t\t\t<div class=\"elementor-column elementor-col-50 elementor-top-column elementor-element elementor-element-4bb1df65\" data-id=\"4bb1df65\" data-element_type=\"column\">\n\t\t\t<div class=\"elementor-column-wrap elementor-element-populated\">\n\t\t\t\t\t\t\t<div class=\"elementor-widget-wrap\">\n\t\t\t\t\t\t<div class=\"elementor-element elementor-element-32f4ebbb elementor-widget elementor-widget-image\" data-id=\"32f4ebbb\" data-element_type=\"widget\" data-widget_type=\"image.default\">\n\t\t\t\t<div class=\"elementor-widget-container\">\n\t\t\t\t\t\t\t\t<div class=\"elementor-image\">\n\t\t\t\t\t\t\t\t\t\t\t\t<img decoding=\"async\" width=\"700\" height=\"500\" src=\"https:\/\/al-cilento.ch\/wp-content\/uploads\/2020\/04\/08.jpg\" class=\"attachment-full size-full\" alt=\"\" srcset=\"https:\/\/al-cilento.ch\/wp-content\/uploads\/2020\/04\/08.jpg 700w, https:\/\/al-cilento.ch\/wp-content\/uploads\/2020\/04\/08-300x214.jpg 300w, https:\/\/al-cilento.ch\/wp-content\/uploads\/2020\/04\/08-600x429.jpg 600w\" sizes=\"(max-width: 700px) 100vw, 700px\" \/>\t\t\t\t\t\t\t\t\t\t\t\t\t\t<\/div>\n\t\t\t\t\t\t<\/div>\n\t\t\t\t<\/div>\n\t\t\t\t\t\t<\/div>\n\t\t\t\t\t<\/div>\n\t\t<\/div>\n\t\t\t\t\t\t\t\t<\/div>\n\t\t\t\t\t<\/div>\n\t\t<\/section>\n\t\t\t\t<section class=\"elementor-section elementor-top-section elementor-element elementor-element-4927ded3 elementor-section-stretched elementor-section-boxed elementor-section-height-default elementor-section-height-default\" data-id=\"4927ded3\" data-element_type=\"section\" data-settings=\"{&quot;stretch_section&quot;:&quot;section-stretched&quot;}\">\n\t\t\t\t\t\t<div class=\"elementor-container elementor-column-gap-default\">\n\t\t\t\t\t\t\t<div class=\"elementor-row\">\n\t\t\t\t\t<div class=\"elementor-column elementor-col-100 elementor-top-column elementor-element elementor-element-63eae686\" data-id=\"63eae686\" data-element_type=\"column\">\n\t\t\t<div class=\"elementor-column-wrap elementor-element-populated\">\n\t\t\t\t\t\t\t<div class=\"elementor-widget-wrap\">\n\t\t\t\t\t\t<div class=\"elementor-element elementor-element-104a6930 elementor-widget elementor-widget-text-editor\" data-id=\"104a6930\" data-element_type=\"widget\" id=\"contenu3\" data-widget_type=\"text-editor.default\">\n\t\t\t\t<div class=\"elementor-widget-container\">\n\t\t\t\t\t\t\t\t<div class=\"elementor-text-editor elementor-clearfix\">\n\t\t\t\t<p>Pour plus de renseignements sur le service traiteur, n\u2019h\u00e9sitez pas \u00e0 <a href=\"https:\/\/al-cilento.ch\/contact\/#ancre\">contacter<\/a> La Corsa Al Cilento au <a href=\"tel:0219636865\">02.1963.68.65<\/a> ou au <a href=\"tel:0766805918\">07.66.80.59.18<\/a>.<\/p>\t\t\t\t\t<\/div>\n\t\t\t\t\t\t<\/div>\n\t\t\t\t<\/div>\n\t\t\t\t\t\t<\/div>\n\t\t\t\t\t<\/div>\n\t\t<\/div>\n\t\t\t\t\t\t\t\t<\/div>\n\t\t\t\t\t<\/div>\n\t\t<\/section>\n\t\t\t\t\t\t<\/div>\n\t\t\t\t\t\t<\/div>\n\t\t\t\t\t<\/div>\n\t\t","protected":false},"excerpt":{"rendered":"<p>La Corsa Al CilentoRestaurant italien \u00e0 MontreuxContactez-nous La Corsa Al Cilento, votre restaurant traiteur italien \u00e0 Montreux La Corsa Al Cilento, votre restaurant italien \u00e0 Montreux vous invite \u00e0 d\u00e9couvrir son service traiteur sur-mesure, que ce soit pour un buffet froid ou des menus avec entr\u00e9e, plat et dessert. B\u00e9n\u00e9ficiez [&hellip;]<\/p>\n","protected":false},"author":15,"featured_media":0,"parent":0,"menu_order":0,"comment_status":"closed","ping_status":"closed","template":"elementor_header_footer","meta":{"_acf_changed":false,"footnotes":""},"acf":[],"aioseo_notices":[],"_links":{"self":[{"href":"https:\/\/al-cilento.ch\/nov-apijson\/wp\/v2\/pages\/1429"}],"collection":[{"href":"https:\/\/al-cilento.ch\/nov-apijson\/wp\/v2\/pages"}],"about":[{"href":"https:\/\/al-cilento.ch\/nov-apijson\/wp\/v2\/types\/page"}],"author":[{"embeddable":true,"href":"https:\/\/al-cilento.ch\/nov-apijson\/wp\/v2\/users\/15"}],"replies":[{"embeddable":true,"href":"https:\/\/al-cilento.ch\/nov-apijson\/wp\/v2\/comments?post=1429"}],"version-history":[{"count":8,"href":"https:\/\/al-cilento.ch\/nov-apijson\/wp\/v2\/pages\/1429\/revisions"}],"predecessor-version":[{"id":3035,"href":"https:\/\/al-cilento.ch\/nov-apijson\/wp\/v2\/pages\/1429\/revisions\/3035"}],"wp:attachment":[{"href":"https:\/\/al-cilento.ch\/nov-apijson\/wp\/v2\/media?parent=1429"}],"curies":[{"name":"wp","href":"https:\/\/api.w.org\/{rel}","templated":true}]}}